{"id":41131,"date":"2020-02-17T12:04:58","date_gmt":"2020-02-17T11:04:58","guid":{"rendered":"https:\/\/www.riksantikvaren.no\/verdensarv\/bergkunsten-i-alta\/"},"modified":"2025-12-02T14:04:01","modified_gmt":"2025-12-02T13:04:01","slug":"bergkunsten-i-alta","status":"publish","type":"page","link":"https:\/\/test.ra.no\/se\/mailmmiarbi\/altta-baktedaidda\/","title":{"rendered":"\u00c1ltt\u00e1 b\u00e1kted\u00e1idda (Bergkunsten i Alta)"},"content":{"rendered":"<div class=\"wpb-content-wrapper\"><p>[vc_row][vc_column width=&#8221;1\/2&#8243;]<p class=\"categories font-size-xxs default\"><span class=\"category\" id=\"subject\">M\u00c1ILMMI\u00c1RBI<\/span><\/p><div class=\"header left  default\"><h1 class=\"\" id=\"overskift\">\u00c1ltt\u00e1 b\u00e1kted\u00e1idda<\/h1><\/div><div id=\"entrance-ingres\" class=\"entrance-ingres\"><p>\u00c1ltt\u00e1 b\u00e1kted\u00e1idda muitala midjiide olbmuid eallima ja m\u00e1ilmmiipm\u00e1rdusa birra mii lei 6000 jagi d\u00e1s ovdal. Dan r\u00e1jesgo dat vuostta\u0161 figuvrrat g\u00e1vdnojedje soaitt\u00e1hagas 1973:s, de leat ear\u00e1 b\u00e1ktes\u00e1rgosat ja b\u00e1ktenjuhtosat g\u00e1vdnon vi\u0111a ie\u0161gu\u0111etge b\u00e1ikkis d\u00e1n guovllus.<\/p><\/div>[\/vc_column][vc_column width=&#8221;1\/2&#8243;]\n\t\t\t<figure class=\"standard-image \">\n\t\t\t\t<a class=\"gallery\" href=\"#image-41249\" title=\"\u00c5pne stort bilde i felles bildegalleri\" data-gallery=\"41249\"><img loading=\"lazy\" decoding=\"async\" width=\"2048\" height=\"1406\" src=\"https:\/\/riksantikvaren.no\/content\/uploads\/2020\/04\/DSC2250-Reinsdyr-med-fremhevet-gevir-Arve-Kjersheim-Riksantikvaren-1.jpg\" class=\"attachment- size-\" alt=\"\" srcset=\"https:\/\/riksantikvaren.no\/content\/uploads\/2020\/04\/DSC2250-Reinsdyr-med-fremhevet-gevir-Arve-Kjersheim-Riksantikvaren-1.jpg 2048w, https:\/\/riksantikvaren.no\/content\/uploads\/2020\/04\/DSC2250-Reinsdyr-med-fremhevet-gevir-Arve-Kjersheim-Riksantikvaren-1-300x206.jpg 300w, https:\/\/riksantikvaren.no\/content\/uploads\/2020\/04\/DSC2250-Reinsdyr-med-fremhevet-gevir-Arve-Kjersheim-Riksantikvaren-1-1024x703.jpg 1024w, https:\/\/riksantikvaren.no\/content\/uploads\/2020\/04\/DSC2250-Reinsdyr-med-fremhevet-gevir-Arve-Kjersheim-Riksantikvaren-1-768x527.jpg 768w, https:\/\/riksantikvaren.no\/content\/uploads\/2020\/04\/DSC2250-Reinsdyr-med-fremhevet-gevir-Arve-Kjersheim-Riksantikvaren-1-1536x1055.jpg 1536w, https:\/\/riksantikvaren.no\/content\/uploads\/2020\/04\/DSC2250-Reinsdyr-med-fremhevet-gevir-Arve-Kjersheim-Riksantikvaren-1-320x220.jpg 320w, https:\/\/riksantikvaren.no\/content\/uploads\/2020\/04\/DSC2250-Reinsdyr-med-fremhevet-gevir-Arve-Kjersheim-Riksantikvaren-1-420x288.jpg 420w, https:\/\/riksantikvaren.no\/content\/uploads\/2020\/04\/DSC2250-Reinsdyr-med-fremhevet-gevir-Arve-Kjersheim-Riksantikvaren-1-576x395.jpg 576w, https:\/\/riksantikvaren.no\/content\/uploads\/2020\/04\/DSC2250-Reinsdyr-med-fremhevet-gevir-Arve-Kjersheim-Riksantikvaren-1-992x681.jpg 992w, https:\/\/riksantikvaren.no\/content\/uploads\/2020\/04\/DSC2250-Reinsdyr-med-fremhevet-gevir-Arve-Kjersheim-Riksantikvaren-1-1200x824.jpg 1200w, https:\/\/riksantikvaren.no\/content\/uploads\/2020\/04\/DSC2250-Reinsdyr-med-fremhevet-gevir-Arve-Kjersheim-Riksantikvaren-1-1920x1318.jpg 1920w\" sizes=\"auto, (max-width: 2048px) 100vw, 2048px\" title=\"\"><\/a>\n\t\t\t\t<figcaption><strong>\u00c1ltt\u00e1 b\u00e1ktes\u00e1rgosat Jiepmaluovttas<\/strong> Boazu mas \u010doarvvit \u010dielgasit oidnojit Foto: Arve Kjersheim, Riikaantikv\u00e1ra <\/figcaption>\n\t\t\t<\/figure>[\/vc_column][\/vc_row][vc_row][vc_column width=&#8221;2\/3&#8243;][vc_column_text]<\/p>\n<h2>B\u00e1kted\u00e1idda<\/h2>\n<p>Davvi- Eurohp\u00e1s ovddastit dat 3000 figuvrra mat leat gaskkal 9 ja 27 mehtera otn\u00e1 gaskamear\u00e1la\u0161 \u010d\u00e1hced\u00e1si baj\u00e1bealde, eanemus logu figuvrrain.<\/p>\n<p>Eanan allodaga dihte s\u00e1htt\u00e1 s\u00e1rgosiid juohkit \u00e1igemuddui mii lea ovdalgo 4000 jagi (4000 r\u00e1jes ovdal min \u00e1igerehkenastima gitta jagi 0 r\u00e1dj\u00e1i) ja dat de nie muitalit reastta Skandin\u00e1via s\u00e1rgosiid kronologiija. S\u00e1rgosiid govvosat \u010d\u00e1jehit ahte lea leama\u0161 oktavuohta gaskkal \u00c1ltt\u00e1 \u00e1ssama ja \u00e1ssama nuorta ja lulli guovlluin. Ovttaskas figuvrrat ja eanas ovttastuvvon d\u00e1hp\u00e1husat leat erenoam\u00e1\u017eat ie\u017easet bivdo ja guol\u00e1stan motiivvaiguin.<\/p>\n<h2>Molsa\u0161uddi b\u00e1kted\u00e1idda<\/h2>\n<p>Dat mii dahk\u00e1 \u00c1ltt\u00e1 b\u00e1kted\u00e1idaga nu erenoam\u00e1\u017ein lea ahte s\u00e1rgosat ja njuhtosat leat nu m\u00e1\u014bggal\u00e1ganat. G\u00e1vdnojit eambbogo 5000 ie\u0161gu\u0111etl\u00e1gan figuvrra. Eanemus mihtilmas govat leat elliin, erenoam\u00e1\u017eit bohccos ja ealggas.<\/p>\n<p>Eanas figuvrrat leat oalle unnit &#8211; gaskkal 20 ja 40 cm alu. Muhtun figuvrrat leat oalle lunddola\u010d\u010dat, ear\u00e1t fas eambbo geometrala\u010d\u010dat ja stiliserejuvvon.\u00a0S\u00e1rgosat ja njuhtosat \u010d\u00e1jehit symbolismma ja oskku ovd\u00e1neami m\u00e1ilmmi davviguovlluin.<\/p>\n<h2>M\u00e1ilmmi\u00e1rbi<\/h2>\n<p>\u00c1ltt\u00e1 b\u00e1kted\u00e1idda sisa\u010d\u00e1llojuvvui m\u00e1ilmmi kultur- ja luonddu\u00e1rbelistui 1985:s.[\/vc_column_text][vc_gmaps link=&#8221;#E-8_JTNDaWZyYW1lJTIwc3JjJTNEJTIyaHR0cHMlM0ElMkYlMkZ3d3cuZ29vZ2xlLmNvbSUyRm1hcHMlMkZlbWJlZCUzRnBiJTNEJTIxNHYxNTgxOTM3MzY5OTI3JTIxNm04JTIxMW03JTIxMXNDQW9TTEVGR01WRnBjRkJGV0ZBNGRUaENNakF4TWw5emFtNTNiRGhzZWtaMWJrWTRWVU5QVWxWMFYwTjZjVEUyJTIxMm0yJTIxMWQ2OS45NDg5NTcxMDAwMDAwMiUyMTJkMjMuMTc4NzEyMiUyMTNmMTQ4LjM3NTA5MzU0MTkwODklMjE0Zi0xMC45MTE3MDk1MTIzNjA5NDMlMjE1ZjAuNzgyMDg2NTk3NDYyNzQ2OSUyMiUyMHdpZHRoJTNEJTIyNjAwJTIyJTIwaGVpZ2h0JTNEJTIyNDUwJTIyJTIwZnJhbWVib3JkZXIlM0QlMjIwJTIyJTIwc3R5bGUlM0QlMjJib3JkZXIlM0EwJTNCJTIyJTIwYWxsb3dmdWxsc2NyZWVuJTNEJTIyJTIyJTNFJTNDJTJGaWZyYW1lJTNF&#8221; title=&#8221;Oahp\u00e1snuva m\u00e1ilmmi\u00e1rbeguvlui:&#8221;][vc_column_text]<\/p>\n<h2>Bl\u00e1\u0111e govaid mat leat govvejuvvon \u00c1ltt\u00e1 b\u00e1kted\u00e1idagis<\/h2>\n<p>[\/vc_column_text]\t\t<div class=\"swiper-container\">\n\t\t\t\t\t\t<div class=\"swiper-wrapper\">\n\t\t\t\t<div class=\"swiper-slide equal-height\"><a class=\"gallery\" href=\"#image-28221\" title=\"\u00c5pne stort bilde i felles bildegalleri\" data-gallery=\"28221\"><img loading=\"lazy\" decoding=\"async\" width=\"992\" height=\"700\" src=\"https:\/\/riksantikvaren.no\/content\/uploads\/2020\/04\/DSC2137-landskap-med-b\u00e5tfigur-Arve-Kjersheim-Riksantikvaren-1-992x700.jpg\" class=\"attachment-img-lg size-img-lg\" alt=\"Rock carvings in Hjemmeluft in Alta: Landscape with boat image. Photo: Arve Kjersheim, the Directorate of Cultural Heritage\" style=\"max-height:400px\" srcset=\"https:\/\/riksantikvaren.no\/content\/uploads\/2020\/04\/DSC2137-landskap-med-b\u00e5tfigur-Arve-Kjersheim-Riksantikvaren-1-992x700.jpg 992w, https:\/\/riksantikvaren.no\/content\/uploads\/2020\/04\/DSC2137-landskap-med-b\u00e5tfigur-Arve-Kjersheim-Riksantikvaren-1-300x212.jpg 300w, https:\/\/riksantikvaren.no\/content\/uploads\/2020\/04\/DSC2137-landskap-med-b\u00e5tfigur-Arve-Kjersheim-Riksantikvaren-1-1024x723.jpg 1024w, https:\/\/riksantikvaren.no\/content\/uploads\/2020\/04\/DSC2137-landskap-med-b\u00e5tfigur-Arve-Kjersheim-Riksantikvaren-1-768x542.jpg 768w, https:\/\/riksantikvaren.no\/content\/uploads\/2020\/04\/DSC2137-landskap-med-b\u00e5tfigur-Arve-Kjersheim-Riksantikvaren-1-1536x1084.jpg 1536w, https:\/\/riksantikvaren.no\/content\/uploads\/2020\/04\/DSC2137-landskap-med-b\u00e5tfigur-Arve-Kjersheim-Riksantikvaren-1-320x226.jpg 320w, https:\/\/riksantikvaren.no\/content\/uploads\/2020\/04\/DSC2137-landskap-med-b\u00e5tfigur-Arve-Kjersheim-Riksantikvaren-1-420x296.jpg 420w, https:\/\/riksantikvaren.no\/content\/uploads\/2020\/04\/DSC2137-landskap-med-b\u00e5tfigur-Arve-Kjersheim-Riksantikvaren-1-576x406.jpg 576w, https:\/\/riksantikvaren.no\/content\/uploads\/2020\/04\/DSC2137-landskap-med-b\u00e5tfigur-Arve-Kjersheim-Riksantikvaren-1-1200x847.jpg 1200w, https:\/\/riksantikvaren.no\/content\/uploads\/2020\/04\/DSC2137-landskap-med-b\u00e5tfigur-Arve-Kjersheim-Riksantikvaren-1-1920x1355.jpg 1920w, https:\/\/riksantikvaren.no\/content\/uploads\/2020\/04\/DSC2137-landskap-med-b\u00e5tfigur-Arve-Kjersheim-Riksantikvaren-1.jpg 2048w\" sizes=\"auto, (max-width: 992px) 100vw, 992px\" title=\"\"><\/a><div class=\"caption\"><strong>Rock carvings in Hjemmeluft i Alta<\/strong> Landskap med b\u00e5tfigur <br><strong>Foto:<\/strong> Arve Kjersheim, the Directorate of Cultural Heritage<\/div><\/div><div class=\"swiper-slide equal-height\"><a class=\"gallery\" href=\"#image-28223\" title=\"\u00c5pne stort bilde i felles bildegalleri\" data-gallery=\"28223\"><img loading=\"lazy\" decoding=\"async\" width=\"992\" height=\"662\" src=\"https:\/\/riksantikvaren.no\/content\/uploads\/2020\/04\/DSC2199-Scene-med-rein-og-mennesker-Arve-Kjersheim-Riksantikvaren-1-992x662.jpg\" class=\"attachment-img-lg size-img-lg\" alt=\"\" style=\"max-height:400px\" srcset=\"https:\/\/riksantikvaren.no\/content\/uploads\/2020\/04\/DSC2199-Scene-med-rein-og-mennesker-Arve-Kjersheim-Riksantikvaren-1-992x662.jpg 992w, https:\/\/riksantikvaren.no\/content\/uploads\/2020\/04\/DSC2199-Scene-med-rein-og-mennesker-Arve-Kjersheim-Riksantikvaren-1-300x200.jpg 300w, https:\/\/riksantikvaren.no\/content\/uploads\/2020\/04\/DSC2199-Scene-med-rein-og-mennesker-Arve-Kjersheim-Riksantikvaren-1-1024x684.jpg 1024w, https:\/\/riksantikvaren.no\/content\/uploads\/2020\/04\/DSC2199-Scene-med-rein-og-mennesker-Arve-Kjersheim-Riksantikvaren-1-768x513.jpg 768w, https:\/\/riksantikvaren.no\/content\/uploads\/2020\/04\/DSC2199-Scene-med-rein-og-mennesker-Arve-Kjersheim-Riksantikvaren-1-1536x1025.jpg 1536w, https:\/\/riksantikvaren.no\/content\/uploads\/2020\/04\/DSC2199-Scene-med-rein-og-mennesker-Arve-Kjersheim-Riksantikvaren-1-320x214.jpg 320w, https:\/\/riksantikvaren.no\/content\/uploads\/2020\/04\/DSC2199-Scene-med-rein-og-mennesker-Arve-Kjersheim-Riksantikvaren-1-420x280.jpg 420w, https:\/\/riksantikvaren.no\/content\/uploads\/2020\/04\/DSC2199-Scene-med-rein-og-mennesker-Arve-Kjersheim-Riksantikvaren-1-576x384.jpg 576w, https:\/\/riksantikvaren.no\/content\/uploads\/2020\/04\/DSC2199-Scene-med-rein-og-mennesker-Arve-Kjersheim-Riksantikvaren-1-1200x801.jpg 1200w, https:\/\/riksantikvaren.no\/content\/uploads\/2020\/04\/DSC2199-Scene-med-rein-og-mennesker-Arve-Kjersheim-Riksantikvaren-1-1920x1282.jpg 1920w, https:\/\/riksantikvaren.no\/content\/uploads\/2020\/04\/DSC2199-Scene-med-rein-og-mennesker-Arve-Kjersheim-Riksantikvaren-1.jpg 2048w\" sizes=\"auto, (max-width: 992px) 100vw, 992px\" title=\"\"><\/a><div class=\"caption\"><strong>\u00c1ltt\u00e1 b\u00e1ktes\u00e1rgosat Jiepmaluovttas<\/strong> Scene med reinsdyr og mennesker <br><strong>Foto:<\/strong> Arve Kjersheim, Riikaantikv\u00e1ra<\/div><\/div><div class=\"swiper-slide equal-height\"><a class=\"gallery\" href=\"#image-28225\" title=\"\u00c5pne stort bilde i felles bildegalleri\" data-gallery=\"28225\"><img loading=\"lazy\" decoding=\"async\" width=\"992\" height=\"662\" src=\"https:\/\/riksantikvaren.no\/content\/uploads\/2020\/04\/DSC2228-Landskap-med-b\u00e5t-og-reinsdyr-Arve-Kjersheim-Riksantikvaren-992x662.jpg\" class=\"attachment-img-lg size-img-lg\" alt=\"\" style=\"max-height:400px\" srcset=\"https:\/\/riksantikvaren.no\/content\/uploads\/2020\/04\/DSC2228-Landskap-med-b\u00e5t-og-reinsdyr-Arve-Kjersheim-Riksantikvaren-992x662.jpg 992w, https:\/\/riksantikvaren.no\/content\/uploads\/2020\/04\/DSC2228-Landskap-med-b\u00e5t-og-reinsdyr-Arve-Kjersheim-Riksantikvaren-300x200.jpg 300w, https:\/\/riksantikvaren.no\/content\/uploads\/2020\/04\/DSC2228-Landskap-med-b\u00e5t-og-reinsdyr-Arve-Kjersheim-Riksantikvaren-1024x684.jpg 1024w, https:\/\/riksantikvaren.no\/content\/uploads\/2020\/04\/DSC2228-Landskap-med-b\u00e5t-og-reinsdyr-Arve-Kjersheim-Riksantikvaren-768x513.jpg 768w, https:\/\/riksantikvaren.no\/content\/uploads\/2020\/04\/DSC2228-Landskap-med-b\u00e5t-og-reinsdyr-Arve-Kjersheim-Riksantikvaren-1536x1025.jpg 1536w, https:\/\/riksantikvaren.no\/content\/uploads\/2020\/04\/DSC2228-Landskap-med-b\u00e5t-og-reinsdyr-Arve-Kjersheim-Riksantikvaren-320x214.jpg 320w, https:\/\/riksantikvaren.no\/content\/uploads\/2020\/04\/DSC2228-Landskap-med-b\u00e5t-og-reinsdyr-Arve-Kjersheim-Riksantikvaren-420x280.jpg 420w, https:\/\/riksantikvaren.no\/content\/uploads\/2020\/04\/DSC2228-Landskap-med-b\u00e5t-og-reinsdyr-Arve-Kjersheim-Riksantikvaren-576x384.jpg 576w, https:\/\/riksantikvaren.no\/content\/uploads\/2020\/04\/DSC2228-Landskap-med-b\u00e5t-og-reinsdyr-Arve-Kjersheim-Riksantikvaren-1200x801.jpg 1200w, https:\/\/riksantikvaren.no\/content\/uploads\/2020\/04\/DSC2228-Landskap-med-b\u00e5t-og-reinsdyr-Arve-Kjersheim-Riksantikvaren-1920x1282.jpg 1920w, https:\/\/riksantikvaren.no\/content\/uploads\/2020\/04\/DSC2228-Landskap-med-b\u00e5t-og-reinsdyr-Arve-Kjersheim-Riksantikvaren.jpg 2048w\" sizes=\"auto, (max-width: 992px) 100vw, 992px\" title=\"\"><\/a><div class=\"caption\"><strong>\u00c1ltt\u00e1 b\u00e1ktes\u00e1rgosat Jiepmaluovttas:<\/strong> Scene med menneske, b\u00e5t og reinsdyr <br><strong>Foto:<\/strong> Arve Kjersheim, Riikaantikv\u00e1ra<\/div><\/div><div class=\"swiper-slide equal-height\"><a class=\"gallery\" href=\"#image-28231\" title=\"\u00c5pne stort bilde i felles bildegalleri\" data-gallery=\"28231\"><img loading=\"lazy\" decoding=\"async\" width=\"992\" height=\"662\" src=\"https:\/\/riksantikvaren.no\/content\/uploads\/2020\/04\/DSC2367-Bj\u00f8rn2-og-bj\u00f8rnunge-med-spor-Arve-Kjersheim-Riksantikvaren-992x662.jpg\" class=\"attachment-img-lg size-img-lg\" alt=\"\" style=\"max-height:400px\" srcset=\"https:\/\/riksantikvaren.no\/content\/uploads\/2020\/04\/DSC2367-Bj\u00f8rn2-og-bj\u00f8rnunge-med-spor-Arve-Kjersheim-Riksantikvaren-992x662.jpg 992w, https:\/\/riksantikvaren.no\/content\/uploads\/2020\/04\/DSC2367-Bj\u00f8rn2-og-bj\u00f8rnunge-med-spor-Arve-Kjersheim-Riksantikvaren-300x200.jpg 300w, https:\/\/riksantikvaren.no\/content\/uploads\/2020\/04\/DSC2367-Bj\u00f8rn2-og-bj\u00f8rnunge-med-spor-Arve-Kjersheim-Riksantikvaren-1024x684.jpg 1024w, https:\/\/riksantikvaren.no\/content\/uploads\/2020\/04\/DSC2367-Bj\u00f8rn2-og-bj\u00f8rnunge-med-spor-Arve-Kjersheim-Riksantikvaren-768x513.jpg 768w, https:\/\/riksantikvaren.no\/content\/uploads\/2020\/04\/DSC2367-Bj\u00f8rn2-og-bj\u00f8rnunge-med-spor-Arve-Kjersheim-Riksantikvaren-1536x1025.jpg 1536w, https:\/\/riksantikvaren.no\/content\/uploads\/2020\/04\/DSC2367-Bj\u00f8rn2-og-bj\u00f8rnunge-med-spor-Arve-Kjersheim-Riksantikvaren-320x214.jpg 320w, https:\/\/riksantikvaren.no\/content\/uploads\/2020\/04\/DSC2367-Bj\u00f8rn2-og-bj\u00f8rnunge-med-spor-Arve-Kjersheim-Riksantikvaren-420x280.jpg 420w, https:\/\/riksantikvaren.no\/content\/uploads\/2020\/04\/DSC2367-Bj\u00f8rn2-og-bj\u00f8rnunge-med-spor-Arve-Kjersheim-Riksantikvaren-576x384.jpg 576w, https:\/\/riksantikvaren.no\/content\/uploads\/2020\/04\/DSC2367-Bj\u00f8rn2-og-bj\u00f8rnunge-med-spor-Arve-Kjersheim-Riksantikvaren-1200x801.jpg 1200w, https:\/\/riksantikvaren.no\/content\/uploads\/2020\/04\/DSC2367-Bj\u00f8rn2-og-bj\u00f8rnunge-med-spor-Arve-Kjersheim-Riksantikvaren-1920x1282.jpg 1920w, https:\/\/riksantikvaren.no\/content\/uploads\/2020\/04\/DSC2367-Bj\u00f8rn2-og-bj\u00f8rnunge-med-spor-Arve-Kjersheim-Riksantikvaren.jpg 2048w\" sizes=\"auto, (max-width: 992px) 100vw, 992px\" title=\"\"><\/a><div class=\"caption\"><strong>\u00c1ltt\u00e1 b\u00e1ktes\u00e1rgosat Jiepmaluovttas:<\/strong> Bj\u00f8rn og bj\u00f8rnunge med bj\u00f8rnespor <br><strong>Foto:<\/strong> Arve Kjersheim, Riikaantikv\u00e1ra<\/div><\/div><div class=\"swiper-slide equal-height\"><a class=\"gallery\" href=\"#image-28235\" title=\"\u00c5pne stort bilde i felles bildegalleri\" data-gallery=\"28235\"><img loading=\"lazy\" decoding=\"async\" width=\"992\" height=\"662\" src=\"https:\/\/riksantikvaren.no\/content\/uploads\/2020\/04\/DSC2451-Bj\u00f8rn1-detalj-bergkunstfelt-figurer-tilrettelegging-for-publikum-Arve-Kjersheim-Riksantikvaren-992x662.jpg\" class=\"attachment-img-lg size-img-lg\" alt=\"\" style=\"max-height:400px\" srcset=\"https:\/\/riksantikvaren.no\/content\/uploads\/2020\/04\/DSC2451-Bj\u00f8rn1-detalj-bergkunstfelt-figurer-tilrettelegging-for-publikum-Arve-Kjersheim-Riksantikvaren-992x662.jpg 992w, https:\/\/riksantikvaren.no\/content\/uploads\/2020\/04\/DSC2451-Bj\u00f8rn1-detalj-bergkunstfelt-figurer-tilrettelegging-for-publikum-Arve-Kjersheim-Riksantikvaren-300x200.jpg 300w, https:\/\/riksantikvaren.no\/content\/uploads\/2020\/04\/DSC2451-Bj\u00f8rn1-detalj-bergkunstfelt-figurer-tilrettelegging-for-publikum-Arve-Kjersheim-Riksantikvaren-1024x684.jpg 1024w, https:\/\/riksantikvaren.no\/content\/uploads\/2020\/04\/DSC2451-Bj\u00f8rn1-detalj-bergkunstfelt-figurer-tilrettelegging-for-publikum-Arve-Kjersheim-Riksantikvaren-768x513.jpg 768w, https:\/\/riksantikvaren.no\/content\/uploads\/2020\/04\/DSC2451-Bj\u00f8rn1-detalj-bergkunstfelt-figurer-tilrettelegging-for-publikum-Arve-Kjersheim-Riksantikvaren-1536x1025.jpg 1536w, https:\/\/riksantikvaren.no\/content\/uploads\/2020\/04\/DSC2451-Bj\u00f8rn1-detalj-bergkunstfelt-figurer-tilrettelegging-for-publikum-Arve-Kjersheim-Riksantikvaren-320x214.jpg 320w, https:\/\/riksantikvaren.no\/content\/uploads\/2020\/04\/DSC2451-Bj\u00f8rn1-detalj-bergkunstfelt-figurer-tilrettelegging-for-publikum-Arve-Kjersheim-Riksantikvaren-420x280.jpg 420w, https:\/\/riksantikvaren.no\/content\/uploads\/2020\/04\/DSC2451-Bj\u00f8rn1-detalj-bergkunstfelt-figurer-tilrettelegging-for-publikum-Arve-Kjersheim-Riksantikvaren-576x384.jpg 576w, https:\/\/riksantikvaren.no\/content\/uploads\/2020\/04\/DSC2451-Bj\u00f8rn1-detalj-bergkunstfelt-figurer-tilrettelegging-for-publikum-Arve-Kjersheim-Riksantikvaren-1200x801.jpg 1200w, https:\/\/riksantikvaren.no\/content\/uploads\/2020\/04\/DSC2451-Bj\u00f8rn1-detalj-bergkunstfelt-figurer-tilrettelegging-for-publikum-Arve-Kjersheim-Riksantikvaren-1920x1282.jpg 1920w, https:\/\/riksantikvaren.no\/content\/uploads\/2020\/04\/DSC2451-Bj\u00f8rn1-detalj-bergkunstfelt-figurer-tilrettelegging-for-publikum-Arve-Kjersheim-Riksantikvaren.jpg 2048w\" sizes=\"auto, (max-width: 992px) 100vw, 992px\" title=\"\"><\/a><div class=\"caption\"><strong>\u00c1ltt\u00e1 b\u00e1ktes\u00e1rgosat Jiepmaluovttas:<\/strong> Bj\u00f8rn i bergkunstfelt med tilrettelegging for publikum <br><strong>Foto:<\/strong> Arve Kjersheim,  Riikaantikv\u00e1ra<\/div><\/div><div class=\"swiper-slide equal-height\"><a class=\"gallery\" href=\"#image-28241\" title=\"\u00c5pne stort bilde i felles bildegalleri\" data-gallery=\"28241\"><img loading=\"lazy\" decoding=\"async\" width=\"662\" height=\"992\" src=\"https:\/\/riksantikvaren.no\/content\/uploads\/2020\/04\/K\u00e5fjord-DSC2581-Menneske-med-truger-Arve-Kjersheim-662x992.jpg\" class=\"attachment-img-lg size-img-lg\" alt=\"\" style=\"max-height:400px\" srcset=\"https:\/\/riksantikvaren.no\/content\/uploads\/2020\/04\/K\u00e5fjord-DSC2581-Menneske-med-truger-Arve-Kjersheim-662x992.jpg 662w, https:\/\/riksantikvaren.no\/content\/uploads\/2020\/04\/K\u00e5fjord-DSC2581-Menneske-med-truger-Arve-Kjersheim-200x300.jpg 200w, https:\/\/riksantikvaren.no\/content\/uploads\/2020\/04\/K\u00e5fjord-DSC2581-Menneske-med-truger-Arve-Kjersheim-684x1024.jpg 684w, https:\/\/riksantikvaren.no\/content\/uploads\/2020\/04\/K\u00e5fjord-DSC2581-Menneske-med-truger-Arve-Kjersheim-768x1151.jpg 768w, https:\/\/riksantikvaren.no\/content\/uploads\/2020\/04\/K\u00e5fjord-DSC2581-Menneske-med-truger-Arve-Kjersheim-1025x1536.jpg 1025w, https:\/\/riksantikvaren.no\/content\/uploads\/2020\/04\/K\u00e5fjord-DSC2581-Menneske-med-truger-Arve-Kjersheim-214x320.jpg 214w, https:\/\/riksantikvaren.no\/content\/uploads\/2020\/04\/K\u00e5fjord-DSC2581-Menneske-med-truger-Arve-Kjersheim-280x420.jpg 280w, https:\/\/riksantikvaren.no\/content\/uploads\/2020\/04\/K\u00e5fjord-DSC2581-Menneske-med-truger-Arve-Kjersheim-384x576.jpg 384w, https:\/\/riksantikvaren.no\/content\/uploads\/2020\/04\/K\u00e5fjord-DSC2581-Menneske-med-truger-Arve-Kjersheim-513x768.jpg 513w, https:\/\/riksantikvaren.no\/content\/uploads\/2020\/04\/K\u00e5fjord-DSC2581-Menneske-med-truger-Arve-Kjersheim-801x1200.jpg 801w, https:\/\/riksantikvaren.no\/content\/uploads\/2020\/04\/K\u00e5fjord-DSC2581-Menneske-med-truger-Arve-Kjersheim-1282x1920.jpg 1282w, https:\/\/riksantikvaren.no\/content\/uploads\/2020\/04\/K\u00e5fjord-DSC2581-Menneske-med-truger-Arve-Kjersheim.jpg 1367w\" sizes=\"auto, (max-width: 662px) 100vw, 662px\" title=\"\"><\/a><div class=\"caption\"><strong>\u00c1ltt\u00e1 b\u00e1ktes\u00e1rgosat G\u00e1vuonas:<\/strong> Menneske med truger <br><strong>Foto:<\/strong> Arve Kjersheim,  Riikaantikv\u00e1ra<\/div><\/div><div class=\"swiper-slide equal-height\"><a class=\"gallery\" href=\"#image-28243\" title=\"\u00c5pne stort bilde i felles bildegalleri\" data-gallery=\"28243\"><img loading=\"lazy\" decoding=\"async\" width=\"992\" height=\"662\" src=\"https:\/\/riksantikvaren.no\/content\/uploads\/2020\/04\/K\u00e5fjord-DSC2599-Scene-med-bj\u00f8rn-mennesker-reinsdyr-Arve-Kjersheim-992x662.jpg\" class=\"attachment-img-lg size-img-lg\" alt=\"\" style=\"max-height:400px\" srcset=\"https:\/\/riksantikvaren.no\/content\/uploads\/2020\/04\/K\u00e5fjord-DSC2599-Scene-med-bj\u00f8rn-mennesker-reinsdyr-Arve-Kjersheim-992x662.jpg 992w, https:\/\/riksantikvaren.no\/content\/uploads\/2020\/04\/K\u00e5fjord-DSC2599-Scene-med-bj\u00f8rn-mennesker-reinsdyr-Arve-Kjersheim-300x200.jpg 300w, https:\/\/riksantikvaren.no\/content\/uploads\/2020\/04\/K\u00e5fjord-DSC2599-Scene-med-bj\u00f8rn-mennesker-reinsdyr-Arve-Kjersheim-1024x684.jpg 1024w, https:\/\/riksantikvaren.no\/content\/uploads\/2020\/04\/K\u00e5fjord-DSC2599-Scene-med-bj\u00f8rn-mennesker-reinsdyr-Arve-Kjersheim-768x513.jpg 768w, https:\/\/riksantikvaren.no\/content\/uploads\/2020\/04\/K\u00e5fjord-DSC2599-Scene-med-bj\u00f8rn-mennesker-reinsdyr-Arve-Kjersheim-1536x1025.jpg 1536w, https:\/\/riksantikvaren.no\/content\/uploads\/2020\/04\/K\u00e5fjord-DSC2599-Scene-med-bj\u00f8rn-mennesker-reinsdyr-Arve-Kjersheim-320x214.jpg 320w, https:\/\/riksantikvaren.no\/content\/uploads\/2020\/04\/K\u00e5fjord-DSC2599-Scene-med-bj\u00f8rn-mennesker-reinsdyr-Arve-Kjersheim-420x280.jpg 420w, https:\/\/riksantikvaren.no\/content\/uploads\/2020\/04\/K\u00e5fjord-DSC2599-Scene-med-bj\u00f8rn-mennesker-reinsdyr-Arve-Kjersheim-576x384.jpg 576w, https:\/\/riksantikvaren.no\/content\/uploads\/2020\/04\/K\u00e5fjord-DSC2599-Scene-med-bj\u00f8rn-mennesker-reinsdyr-Arve-Kjersheim-1200x801.jpg 1200w, https:\/\/riksantikvaren.no\/content\/uploads\/2020\/04\/K\u00e5fjord-DSC2599-Scene-med-bj\u00f8rn-mennesker-reinsdyr-Arve-Kjersheim-1920x1282.jpg 1920w, https:\/\/riksantikvaren.no\/content\/uploads\/2020\/04\/K\u00e5fjord-DSC2599-Scene-med-bj\u00f8rn-mennesker-reinsdyr-Arve-Kjersheim.jpg 2048w\" sizes=\"auto, (max-width: 992px) 100vw, 992px\" title=\"\"><\/a><div class=\"caption\"><strong>\u00c1ltt\u00e1 b\u00e1ktes\u00e1rgosat G\u00e1vuonas:<\/strong> Scene med bj\u00f8rn, mennesker og reinsdyr <br><strong>Foto:<\/strong> Arve Kjersheim, Riikaantikv\u00e1ra<\/div><\/div><div class=\"swiper-slide equal-height\"><a class=\"gallery\" href=\"#image-28245\" title=\"\u00c5pne stort bilde i felles bildegalleri\" data-gallery=\"28245\"><img loading=\"lazy\" decoding=\"async\" width=\"992\" height=\"662\" src=\"https:\/\/riksantikvaren.no\/content\/uploads\/2020\/04\/K\u00e5fjord-DSC2618-Scene-med-mennesker-og-reinsdyr-Arve-Kjersheim-992x662.jpg\" class=\"attachment-img-lg size-img-lg\" alt=\"\" style=\"max-height:400px\" srcset=\"https:\/\/riksantikvaren.no\/content\/uploads\/2020\/04\/K\u00e5fjord-DSC2618-Scene-med-mennesker-og-reinsdyr-Arve-Kjersheim-992x662.jpg 992w, https:\/\/riksantikvaren.no\/content\/uploads\/2020\/04\/K\u00e5fjord-DSC2618-Scene-med-mennesker-og-reinsdyr-Arve-Kjersheim-300x200.jpg 300w, https:\/\/riksantikvaren.no\/content\/uploads\/2020\/04\/K\u00e5fjord-DSC2618-Scene-med-mennesker-og-reinsdyr-Arve-Kjersheim-1024x684.jpg 1024w, https:\/\/riksantikvaren.no\/content\/uploads\/2020\/04\/K\u00e5fjord-DSC2618-Scene-med-mennesker-og-reinsdyr-Arve-Kjersheim-768x513.jpg 768w, https:\/\/riksantikvaren.no\/content\/uploads\/2020\/04\/K\u00e5fjord-DSC2618-Scene-med-mennesker-og-reinsdyr-Arve-Kjersheim-1536x1025.jpg 1536w, https:\/\/riksantikvaren.no\/content\/uploads\/2020\/04\/K\u00e5fjord-DSC2618-Scene-med-mennesker-og-reinsdyr-Arve-Kjersheim-320x214.jpg 320w, https:\/\/riksantikvaren.no\/content\/uploads\/2020\/04\/K\u00e5fjord-DSC2618-Scene-med-mennesker-og-reinsdyr-Arve-Kjersheim-420x280.jpg 420w, https:\/\/riksantikvaren.no\/content\/uploads\/2020\/04\/K\u00e5fjord-DSC2618-Scene-med-mennesker-og-reinsdyr-Arve-Kjersheim-576x384.jpg 576w, https:\/\/riksantikvaren.no\/content\/uploads\/2020\/04\/K\u00e5fjord-DSC2618-Scene-med-mennesker-og-reinsdyr-Arve-Kjersheim-1200x801.jpg 1200w, https:\/\/riksantikvaren.no\/content\/uploads\/2020\/04\/K\u00e5fjord-DSC2618-Scene-med-mennesker-og-reinsdyr-Arve-Kjersheim-1920x1282.jpg 1920w, https:\/\/riksantikvaren.no\/content\/uploads\/2020\/04\/K\u00e5fjord-DSC2618-Scene-med-mennesker-og-reinsdyr-Arve-Kjersheim.jpg 2048w\" sizes=\"auto, (max-width: 992px) 100vw, 992px\" title=\"\"><\/a><div class=\"caption\"><strong>\u00c1ltt\u00e1 b\u00e1ktes\u00e1rgosat G\u00e1vuonas:<\/strong> Reinsdyr <br><strong>Foto:<\/strong> Arve Kjersheim, Riikaantikv\u00e1ra<\/div><\/div><div class=\"swiper-slide equal-height\"><a class=\"gallery\" href=\"#image-28247\" title=\"\u00c5pne stort bilde i felles bildegalleri\" data-gallery=\"28247\"><img loading=\"lazy\" decoding=\"async\" width=\"713\" height=\"992\" src=\"https:\/\/riksantikvaren.no\/content\/uploads\/2020\/04\/K\u00e5fjord-DSC2629-Menneske-med-bue-Arve-Kjersheim-713x992.jpg\" class=\"attachment-img-lg size-img-lg\" alt=\"\" style=\"max-height:400px\" srcset=\"https:\/\/riksantikvaren.no\/content\/uploads\/2020\/04\/K\u00e5fjord-DSC2629-Menneske-med-bue-Arve-Kjersheim-713x992.jpg 713w, https:\/\/riksantikvaren.no\/content\/uploads\/2020\/04\/K\u00e5fjord-DSC2629-Menneske-med-bue-Arve-Kjersheim-216x300.jpg 216w, https:\/\/riksantikvaren.no\/content\/uploads\/2020\/04\/K\u00e5fjord-DSC2629-Menneske-med-bue-Arve-Kjersheim-737x1024.jpg 737w, https:\/\/riksantikvaren.no\/content\/uploads\/2020\/04\/K\u00e5fjord-DSC2629-Menneske-med-bue-Arve-Kjersheim-768x1068.jpg 768w, https:\/\/riksantikvaren.no\/content\/uploads\/2020\/04\/K\u00e5fjord-DSC2629-Menneske-med-bue-Arve-Kjersheim-1105x1536.jpg 1105w, https:\/\/riksantikvaren.no\/content\/uploads\/2020\/04\/K\u00e5fjord-DSC2629-Menneske-med-bue-Arve-Kjersheim-230x320.jpg 230w, https:\/\/riksantikvaren.no\/content\/uploads\/2020\/04\/K\u00e5fjord-DSC2629-Menneske-med-bue-Arve-Kjersheim-302x420.jpg 302w, https:\/\/riksantikvaren.no\/content\/uploads\/2020\/04\/K\u00e5fjord-DSC2629-Menneske-med-bue-Arve-Kjersheim-414x576.jpg 414w, https:\/\/riksantikvaren.no\/content\/uploads\/2020\/04\/K\u00e5fjord-DSC2629-Menneske-med-bue-Arve-Kjersheim-552x768.jpg 552w, https:\/\/riksantikvaren.no\/content\/uploads\/2020\/04\/K\u00e5fjord-DSC2629-Menneske-med-bue-Arve-Kjersheim-863x1200.jpg 863w, https:\/\/riksantikvaren.no\/content\/uploads\/2020\/04\/K\u00e5fjord-DSC2629-Menneske-med-bue-Arve-Kjersheim-1381x1920.jpg 1381w, https:\/\/riksantikvaren.no\/content\/uploads\/2020\/04\/K\u00e5fjord-DSC2629-Menneske-med-bue-Arve-Kjersheim.jpg 1473w\" sizes=\"auto, (max-width: 713px) 100vw, 713px\" title=\"\"><\/a><div class=\"caption\"><strong>\u00c1ltt\u00e1 b\u00e1ktes\u00e1rgosat G\u00e1vuonas:<\/strong> Menneske med bue <br><strong>Foto:<\/strong> Arve Kjersheim, Riikaantikv\u00e1ra<\/div><\/div><div class=\"swiper-slide equal-height\"><a class=\"gallery\" href=\"#image-28249\" title=\"\u00c5pne stort bilde i felles bildegalleri\" data-gallery=\"28249\"><img loading=\"lazy\" decoding=\"async\" width=\"992\" height=\"724\" src=\"https:\/\/riksantikvaren.no\/content\/uploads\/2020\/04\/K\u00e5fjord-DSC2632-Menneske-med-bue-Arve-Kjersheim-992x724.jpg\" class=\"attachment-img-lg size-img-lg\" alt=\"Helleristninger i K\u00e5fjord i Alta. Et menneske med bue. Foto: Arve Kjersheim, Riksantikvaren\" style=\"max-height:400px\" srcset=\"https:\/\/riksantikvaren.no\/content\/uploads\/2020\/04\/K\u00e5fjord-DSC2632-Menneske-med-bue-Arve-Kjersheim-992x724.jpg 992w, https:\/\/riksantikvaren.no\/content\/uploads\/2020\/04\/K\u00e5fjord-DSC2632-Menneske-med-bue-Arve-Kjersheim-300x219.jpg 300w, https:\/\/riksantikvaren.no\/content\/uploads\/2020\/04\/K\u00e5fjord-DSC2632-Menneske-med-bue-Arve-Kjersheim-1024x747.jpg 1024w, https:\/\/riksantikvaren.no\/content\/uploads\/2020\/04\/K\u00e5fjord-DSC2632-Menneske-med-bue-Arve-Kjersheim-768x560.jpg 768w, https:\/\/riksantikvaren.no\/content\/uploads\/2020\/04\/K\u00e5fjord-DSC2632-Menneske-med-bue-Arve-Kjersheim-1536x1121.jpg 1536w, https:\/\/riksantikvaren.no\/content\/uploads\/2020\/04\/K\u00e5fjord-DSC2632-Menneske-med-bue-Arve-Kjersheim-320x233.jpg 320w, https:\/\/riksantikvaren.no\/content\/uploads\/2020\/04\/K\u00e5fjord-DSC2632-Menneske-med-bue-Arve-Kjersheim-420x306.jpg 420w, https:\/\/riksantikvaren.no\/content\/uploads\/2020\/04\/K\u00e5fjord-DSC2632-Menneske-med-bue-Arve-Kjersheim-576x420.jpg 576w, https:\/\/riksantikvaren.no\/content\/uploads\/2020\/04\/K\u00e5fjord-DSC2632-Menneske-med-bue-Arve-Kjersheim-1200x875.jpg 1200w, https:\/\/riksantikvaren.no\/content\/uploads\/2020\/04\/K\u00e5fjord-DSC2632-Menneske-med-bue-Arve-Kjersheim-1920x1401.jpg 1920w, https:\/\/riksantikvaren.no\/content\/uploads\/2020\/04\/K\u00e5fjord-DSC2632-Menneske-med-bue-Arve-Kjersheim.jpg 2048w\" sizes=\"auto, (max-width: 992px) 100vw, 992px\" title=\"\"><\/a><div class=\"caption\"><strong>\u00c1ltt\u00e1 b\u00e1ktes\u00e1rgosat G\u00e1vuonas:<\/strong> Menneske med bue <br><strong>Foto:<\/strong> Arve Kjersheim, Riikaantikv\u00e1ra<\/div><\/div><div class=\"swiper-slide equal-height\"><a class=\"gallery\" href=\"#image-41140\" title=\"\u00c5pne stort bilde i felles bildegalleri\" data-gallery=\"41140\"><img loading=\"lazy\" decoding=\"async\" width=\"992\" height=\"662\" src=\"https:\/\/riksantikvaren.no\/content\/uploads\/2020\/04\/DSC2271-Bj\u00f8rn2-og-bj\u00f8rnunge-med-spor-Arve-Kjersheim-Riksantikvaren-992x662.jpg\" class=\"attachment-img-lg size-img-lg\" alt=\"Eldgammel berggravering som viser et dyr med gevir, som ligner p\u00e5 en hjort, etset inn i en flat steinoverflate.\" style=\"max-height:400px\" srcset=\"https:\/\/riksantikvaren.no\/content\/uploads\/2020\/04\/DSC2271-Bj\u00f8rn2-og-bj\u00f8rnunge-med-spor-Arve-Kjersheim-Riksantikvaren-992x662.jpg 992w, https:\/\/riksantikvaren.no\/content\/uploads\/2020\/04\/DSC2271-Bj\u00f8rn2-og-bj\u00f8rnunge-med-spor-Arve-Kjersheim-Riksantikvaren-300x200.jpg 300w, https:\/\/riksantikvaren.no\/content\/uploads\/2020\/04\/DSC2271-Bj\u00f8rn2-og-bj\u00f8rnunge-med-spor-Arve-Kjersheim-Riksantikvaren-1024x684.jpg 1024w, https:\/\/riksantikvaren.no\/content\/uploads\/2020\/04\/DSC2271-Bj\u00f8rn2-og-bj\u00f8rnunge-med-spor-Arve-Kjersheim-Riksantikvaren-768x513.jpg 768w, https:\/\/riksantikvaren.no\/content\/uploads\/2020\/04\/DSC2271-Bj\u00f8rn2-og-bj\u00f8rnunge-med-spor-Arve-Kjersheim-Riksantikvaren-1536x1025.jpg 1536w, https:\/\/riksantikvaren.no\/content\/uploads\/2020\/04\/DSC2271-Bj\u00f8rn2-og-bj\u00f8rnunge-med-spor-Arve-Kjersheim-Riksantikvaren-320x214.jpg 320w, https:\/\/riksantikvaren.no\/content\/uploads\/2020\/04\/DSC2271-Bj\u00f8rn2-og-bj\u00f8rnunge-med-spor-Arve-Kjersheim-Riksantikvaren-420x280.jpg 420w, https:\/\/riksantikvaren.no\/content\/uploads\/2020\/04\/DSC2271-Bj\u00f8rn2-og-bj\u00f8rnunge-med-spor-Arve-Kjersheim-Riksantikvaren-576x384.jpg 576w, https:\/\/riksantikvaren.no\/content\/uploads\/2020\/04\/DSC2271-Bj\u00f8rn2-og-bj\u00f8rnunge-med-spor-Arve-Kjersheim-Riksantikvaren-1200x801.jpg 1200w, https:\/\/riksantikvaren.no\/content\/uploads\/2020\/04\/DSC2271-Bj\u00f8rn2-og-bj\u00f8rnunge-med-spor-Arve-Kjersheim-Riksantikvaren-1920x1282.jpg 1920w, https:\/\/riksantikvaren.no\/content\/uploads\/2020\/04\/DSC2271-Bj\u00f8rn2-og-bj\u00f8rnunge-med-spor-Arve-Kjersheim-Riksantikvaren.jpg 2048w\" sizes=\"auto, (max-width: 992px) 100vw, 992px\" title=\"\"><\/a><div class=\"caption\"><strong>\u00c1ltt\u00e1 b\u00e1ktes\u00e1rgosat Jiepmaluovttas:<\/strong> S\u00e1rgosat mas leat bohccot ja olbmot <br><strong>Foto:<\/strong> Arve Kjersheim, Riikaantikv\u00e1ra<\/div><\/div>\t\t\t<\/div>\n\t\t\t<div class=\"swiper-pagination\"><\/div>\n\t\t\t\t\t\t\t\n\t\t\t<div class=\"swiper-button-next\"><\/div>\n\t\t\t<div class=\"swiper-button-prev\"><\/div>\t\t\t\t\t<\/div>\n\t\t[\/vc_column][vc_column width=&#8221;1\/3&#8243;][vc_gmaps link=&#8221;#E-8_JTNDaWZyYW1lJTIwc3JjJTNEJTIyaHR0cHMlM0ElMkYlMkZ3d3cuZ29vZ2xlLmNvbSUyRm1hcHMlMkZkJTJGdSUyRjElMkZlbWJlZCUzRm1pZCUzRDE4OFVXa1B4UzU1b0V4b0Y2d2E5S1dVS3VKN25qUXJRSCUyMiUyMHdpZHRoJTNEJTIyNjQwJTIyJTIwaGVpZ2h0JTNEJTIyNDgwJTIyJTNFJTNDJTJGaWZyYW1lJTNF&#8221; title=&#8221;\u00c1ltt\u00e1 b\u00e1kted\u00e1idda&#8221;]<div class=\"infobox tuftbush\"><p><a href=\"https:\/\/kulturminnesok.no\/minne\/?queryString=https%3A%2F%2Fdata.kulturminne.no%2Faskeladden%2Fkulturmiljo%2FK8\" target=\"_blank\" rel=\"noopener\">Loga eambbo \u00c1ltt\u00e1 B\u00e1kted\u00e1idaga birra Kulturminnes\u00f8k.no<\/a><\/p><\/div><div class=\"infobox catskillwhite\">\n<h2>\u00c1vkk\u00e1la\u0161 li\u014bkkat<\/h2>\n<p><a href=\"https:\/\/whc.unesco.org\/en\/list\/352\/\" target=\"_blank\" rel=\"noopener\">Loga eambbo \u00c1ltt\u00e1 b\u00e1kted\u00e1idaga Unescos siidduin<\/a><\/p>\n<p><a href=\"https:\/\/hdl.handle.net\/11250\/175553\" target=\"_blank\" rel=\"noopener\">Vie\u010d\u010da d\u00e1ppe gihppaga \u00c1ltt\u00e1 b\u00e1kted\u00e1idaga birra<\/a><\/p><\/div>[\/vc_column][\/vc_row]<\/p>\n<\/div>","protected":false},"excerpt":{"rendered":"<p>[vc_row][vc_column width=&#8221;1\/2&#8243;][\/vc_column][vc_column width=&#8221;1\/2&#8243;][\/vc_column][\/vc_row][vc_row][vc_column width=&#8221;2\/3&#8243;][vc_column_text] B\u00e1kted\u00e1idda Davvi- Eurohp\u00e1s ovddastit dat 3000 figuvrra mat leat gaskkal 9 ja 27 mehtera otn\u00e1 gaskamear\u00e1la\u0161 \u010d\u00e1hced\u00e1si baj\u00e1bealde, eanemus logu figuvrrain. Eanan allodaga dihte s\u00e1htt\u00e1 s\u00e1rgosiid juohkit \u00e1igemuddui mii lea ovdalgo&#8230;<\/p>\n","protected":false},"author":13,"featured_media":0,"parent":40977,"menu_order":0,"comment_status":"closed","ping_status":"closed","template":"","meta":{"ep_exclude_from_search":false,"footnotes":"","algolia_no_indexing":false,"boosted":0},"coauthors":[495,444],"class_list":["post-41131","page","type-page","status-publish","hentry"],"acf":[],"_links":{"self":[{"href":"https:\/\/test.ra.no\/se\/wp-json\/wp\/v2\/pages\/41131","targetHints":{"allow":["GET"]}}],"collection":[{"href":"https:\/\/test.ra.no\/se\/wp-json\/wp\/v2\/pages"}],"about":[{"href":"https:\/\/test.ra.no\/se\/wp-json\/wp\/v2\/types\/page"}],"author":[{"embeddable":true,"href":"https:\/\/test.ra.no\/se\/wp-json\/wp\/v2\/users\/13"}],"replies":[{"embeddable":true,"href":"https:\/\/test.ra.no\/se\/wp-json\/wp\/v2\/comments?post=41131"}],"version-history":[{"count":5,"href":"https:\/\/test.ra.no\/se\/wp-json\/wp\/v2\/pages\/41131\/revisions"}],"predecessor-version":[{"id":102533,"href":"https:\/\/test.ra.no\/se\/wp-json\/wp\/v2\/pages\/41131\/revisions\/102533"}],"up":[{"embeddable":true,"href":"https:\/\/test.ra.no\/se\/wp-json\/wp\/v2\/pages\/40977"}],"wp:attachment":[{"href":"https:\/\/test.ra.no\/se\/wp-json\/wp\/v2\/media?parent=41131"}],"wp:term":[{"taxonomy":"author","embeddable":true,"href":"https:\/\/test.ra.no\/se\/wp-json\/wp\/v2\/coauthors?post=41131"}],"curies":[{"name":"wp","href":"https:\/\/api.w.org\/{rel}","templated":true}]}}